{"id":176,"date":"2018-07-20T20:28:04","date_gmt":"2018-07-20T20:28:04","guid":{"rendered":"http:\/\/przedszkole12nowasol.pl\/?page_id=176"},"modified":"2025-12-06T10:56:34","modified_gmt":"2025-12-06T10:56:34","slug":"dodatkowe-programy","status":"publish","type":"page","link":"https:\/\/przedszkole12nowasol.pl\/?page_id=176","title":{"rendered":"Kadra"},"content":{"rendered":"<p style=\"text-align: center;\"><span style=\"font-size: 36pt; color: #00ccff;\">Kadra Pedagogiczna<\/span><\/p>\n<p><span style=\"color: #000000;\"><strong>Dyrektor<\/strong><\/span> <span style=\"color: #00ccff;\"><span style=\"color: #000000;\">&#8211;<\/span> mgr Monika Knuth-Sapig\u00f3rska<\/span><\/p>\n<p><span style=\"color: #000000;\"><strong>Wychowawcy grupy 3-letniej ,,\u015aliweczki&#8221;<\/strong><\/span> &#8211; <span style=\"color: #00ccff;\">mgr Agata Sasin, Beata Chreptowicz<\/span><\/p>\n<p><span style=\"color: #000000;\"><strong>Wychowawcy grupy 3-letniej ,, Wisienki&#8221;<\/strong><\/span>&#8211; <span style=\"color: #00ccff;\"> mgr Edyta Kapela ,\u00a0 mgr Katarzyna K\u0105kol<\/span><\/p>\n<p><span style=\"color: #000000;\"><strong>Wychowawca grupy4 -letniej ,,Cytrynki&#8221;<\/strong><\/span> &#8211; <span style=\"color: #00ccff;\">mgr Alicja Jung,\u00a0 Beata Chreptowicz<\/span><\/p>\n<p><span style=\"color: #000000;\"><strong>Wychowawcy grupy 5-letniej ,,Morelki&#8221;<\/strong> <\/span>&#8211; <span style=\"color: #00ccff;\">mgr Martyna Bujel, Beata Chreptowicz<\/span><\/p>\n<p><strong><span style=\"color: #000000;\">Wychowawcy grupy 4-5letniej ,,Malinki&#8221; &#8211;<\/span><\/strong><span style=\"color: #00ccff;\"> mgr Ewa Nowaczyk &#8211; Babacz, mgr Katarzyna K\u0105kol<\/span><\/p>\n<p><strong><span style=\"color: #000000;\">Wychowawca grupy 6-letniej ,,Ananaski&#8221; &#8211; <\/span><\/strong><span style=\"color: #000000;\"><span style=\"color: #00ccff;\">Ewa Jakubowska<\/span><\/span><span style=\"color: #000000;\"><span style=\"color: #00ccff;\">, mgr Anna Stramska<\/span><\/span><\/p>\n<p><span style=\"color: #000000;\"><strong>Wychowawcy grupy 6-letniej ,,Jag\u00f3dki&#8221;<\/strong><\/span> &#8211;<span style=\"color: #00ccff;\"> mgr Bogus\u0142awa Kubiak, mgr Kamila Szcze\u015bniak<\/span><\/p>\n<p>&nbsp;<\/p>\n<p>&nbsp;<\/p>\n<p style=\"text-align: center;\"><span style=\"font-size: 36pt; color: #000000;\">Kwalifikacje nauczycieli<\/span><\/p>\n<p><span style=\"font-size: 18pt; color: #00ccff;\">mgr Monika Knuth-Sapig\u00f3rska\u00a0 &#8211; dyrektor\u00a0<\/span><\/p>\n<p><span style=\"color: #3366ff;\">studia wy\u017csze<\/span> &#8211; <span style=\"color: #000000;\">praca socjalna i resocjalizacja<\/span><\/p>\n<p><span style=\"color: #3366ff;\">studia II stopnia magisterskie<\/span> &#8211; <span style=\"color: #000000;\">nauczanie wczesnoszkolne i przedszkolne<\/span><\/p>\n<p><span style=\"color: #3366ff;\">studia podyplomowe\u00a0<\/span>&#8211; <span style=\"color: #000000;\">pedagogika lecznicza<\/span><\/p>\n<p><span style=\"color: #3366ff;\">studia podyplomowe\u00a0<\/span>&#8211;\u00a0<span style=\"color: #000000;\">oligofrenopedagogika<\/span><\/p>\n<p><span style=\"color: #3366ff;\">studia podyplomowe\u00a0<\/span>&#8211; <span style=\"color: #000000;\">zarz\u0105dzanie plac\u00f3wkami o\u015bwiatowymi<\/span><\/p>\n<p><span style=\"color: #00ccff; font-size: 18pt;\">mgr Martyna Bujel &#8211; nauczyciel mianowany<\/span><\/p>\n<p><span style=\"color: #3366ff;\">studia wy\u017csze<\/span> &#8211; <span style=\"color: #000000;\">Pedagogika, specjalno\u015b\u0107 &#8211; Pedagogika wczesnoszkolna z pedagogik\u0105 przedszkoln\u0105<\/span><\/p>\n<p><span style=\"color: #000000;\"><span style=\"color: #3366ff;\">studia II stopnia magisterskie\u00a0<\/span>&#8211; Pedagogika, specjalno\u015b\u0107 &#8211; Terapia pedagogiczna z arteterapi\u0105<\/span><\/p>\n<p><span style=\"color: #00ccff; font-size: 18pt;\">Beata Chreptowicz &#8211; nauczyciel mianowany<\/span><\/p>\n<p><span style=\"color: #3366ff;\">studia wy\u017csze zawodowe <\/span>&#8211;<span style=\"color: #000000;\"> Pedagogika w zakresie edukacji wczesnoszkolnej z wychowaniem przedszkolnym<\/span><\/p>\n<p><span style=\"color: #00ccff; font-size: 18pt;\">Ewa Jakubowska &#8211; nauczyciel dyplomowany<\/span><\/p>\n<p><span style=\"color: #3366ff;\">studia wy\u017csze zawodowe <\/span>&#8211;<span style=\"color: #000000;\"> Pedagogika w zakresie edukacji wczesnoszkolnej z wychowaniem przedszkolnym<\/span><\/p>\n<p><span style=\"color: #00ccff; font-size: 18pt;\">mgr Bogus\u0142awa Kubiak &#8211; nauczyciel dyplomowany<\/span><\/p>\n<p><span style=\"color: #3366ff;\">studia wy\u017csze<\/span> &#8211; <span style=\"color: #000000;\">Wychowanie przedszkolne i nauczanie pocz\u0105tkowe<\/span><\/p>\n<p><span style=\"color: #3366ff;\">studia podyplomowe<\/span> &#8211; <span style=\"color: #000000;\">Gimnastyka korekcyjno &#8211; kompensacyjna. Biomechanika w korekcji wad postawy cia\u0142a<\/span><\/p>\n<p><span style=\"color: #00ccff; font-size: 18pt;\">mgr Alicja Jung &#8211; nauczyciel kontraktowy<\/span><\/p>\n<p><span style=\"color: #3366ff;\">studia wy\u017csze<\/span> &#8211; <span style=\"color: #000000;\">Wychowanie Fizyczne, specjalno\u015b\u0107 &#8211; Wychowanie Fizyczne os\u00f3b z niepe\u0142nosprawno\u015bci\u0105 intelektualn\u0105<\/span><\/p>\n<p><span style=\"color: #3366ff;\">studia podyplomowe<\/span> &#8211; <span style=\"color: #000000;\">Edukacja Wczesnoszkolna i Przedszkolna<\/span><\/p>\n<p><span style=\"color: #3366ff;\">dodatkowe uprawnienia\u00a0<\/span>&#8211;\u00a0<span style=\"color: #000000;\">Uprawnienia do prowadzenia gimnastyki korekcyjno &#8211; kompensacyjnej<\/span><\/p>\n<p><span style=\"color: #3366ff;\">dodatkowe uprawnienia<\/span> &#8211;<span style=\"color: #000000;\">\u00a0Instruktor rekreacji &#8211; fitness &#8211; nowoczesne formy gimnastyki (aerobik)<\/span><\/p>\n<p><span style=\"color: #00ccff; font-size: 18pt;\">mgr Marta Ma\u015bcibroda &#8211; nauczyciel kontraktowy<\/span><\/p>\n<p><span style=\"color: #3366ff;\">studia wy\u017csze<\/span> &#8211; <span style=\"color: #000000;\">Pedagogika, specjalno\u015b\u0107 &#8211; Edukacja przedszkolna <\/span><\/p>\n<p><span style=\"color: #000000;\"><span style=\"color: #3366ff;\">studia II stopnia magisterskie\u00a0<\/span>&#8211; Pedagogika, specjalno\u015b\u0107 &#8211; Terapia pedagogiczna z elementami socjoterapii<\/span><\/p>\n<p><span style=\"color: #00ccff; font-size: 18pt;\">mgr Ewa Nowaczyk &#8211; Babacz &#8211; nauczyciel dyplomowany<\/span><\/p>\n<p><span style=\"color: #3366ff;\">studia wy\u017csze<\/span> &#8211; <span style=\"color: #000000;\">Zintegrowana Edukacja Wczesnoszkolna i Przedszkolna<\/span><\/p>\n<p><span style=\"color: #3366ff;\">dodatkowe uprawnienia<\/span> &#8211; <span style=\"color: #000000;\">Certyfikat I stopnia z zakresu arteterapii<\/span><\/p>\n<p><span style=\"color: #00ccff; font-size: 18pt;\">mgr Agata Sasin &#8211; nauczyciel mianowany<\/span><\/p>\n<p><span style=\"color: #3366ff;\">studia wy\u017csze<\/span> &#8211; <span style=\"color: #000000;\">Pedagogika i praca socjalna<\/span><\/p>\n<p><span style=\"color: #3366ff;\">studia podyplomowe<\/span> &#8211; <span style=\"color: #000000;\">Edukacja elementarna i terapia pedagogiczna<\/span><\/p>\n<p><span style=\"color: #00ccff; font-size: 18pt;\">mgr Anna Stramska &#8211; nauczyciel dyplomowany<\/span><\/p>\n<p><span style=\"color: #3366ff;\">studia wy\u017csze<\/span> &#8211; <span style=\"color: #000000;\">Edukacja Wczesnoszkolna z Wychowaniem Przedszkolnym<\/span><\/p>\n<p><span style=\"color: #3366ff;\">studia podyplomowe\u00a0<\/span>&#8211; <span style=\"color: #000000;\">Logopedia z terapi\u0105 pedagogiczn\u0105<\/span><\/p>\n<p><span style=\"color: #00ffff; font-size: 18pt;\"><span style=\"color: #00ccff;\">mgr Kamila Szcze\u015bniak &#8211; nauczyciel mianowany<\/span><\/span><\/p>\n<p><span style=\"color: #0000ff;\"><span style=\"color: #3366ff;\">studia wy\u017csze<\/span>\u00a0<span style=\"color: #000000;\">&#8211; Edukacja wczesnoszkolna i przedszkolna<\/span><\/span><\/p>\n<p>&nbsp;<\/p>\n<p>&nbsp;<\/p>\n<p>&nbsp;<\/p>\n<p>&nbsp;<\/p>\n<p>&nbsp;<\/p>\n<p>&nbsp;<\/p>\n","protected":false},"excerpt":{"rendered":"<p>Kadra Pedagogiczna Dyrektor &#8211; mgr Monika Knuth-Sapig\u00f3rska Wychowawcy grupy 3-letniej ,,\u015aliweczki&#8221; &#8211; mgr Agata Sasin, Beata Chreptowicz Wychowawcy grupy 3-letniej ,, Wisienki&#8221;&#8211; mgr Edyta Kapela ,\u00a0 mgr Katarzyna K\u0105kol Wychowawca grupy4 -letniej ,,Cytrynki&#8221; &#8211; mgr Alicja Jung,\u00a0 Beata Chreptowicz Wychowawcy grupy 5-letniej ,,Morelki&#8221; &#8211; mgr Martyna Bujel, Beata Chreptowicz Wychowawcy &hellip;<\/p>\n","protected":false},"author":1,"featured_media":0,"parent":0,"menu_order":0,"comment_status":"closed","ping_status":"closed","template":"","meta":{"footnotes":""},"class_list":["post-176","page","type-page","status-publish","hentry"],"_links":{"self":[{"href":"https:\/\/przedszkole12nowasol.pl\/index.php?rest_route=\/wp\/v2\/pages\/176","targetHints":{"allow":["GET"]}}],"collection":[{"href":"https:\/\/przedszkole12nowasol.pl\/index.php?rest_route=\/wp\/v2\/pages"}],"about":[{"href":"https:\/\/przedszkole12nowasol.pl\/index.php?rest_route=\/wp\/v2\/types\/page"}],"author":[{"embeddable":true,"href":"https:\/\/przedszkole12nowasol.pl\/index.php?rest_route=\/wp\/v2\/users\/1"}],"replies":[{"embeddable":true,"href":"https:\/\/przedszkole12nowasol.pl\/index.php?rest_route=%2Fwp%2Fv2%2Fcomments&post=176"}],"version-history":[{"count":32,"href":"https:\/\/przedszkole12nowasol.pl\/index.php?rest_route=\/wp\/v2\/pages\/176\/revisions"}],"predecessor-version":[{"id":3797,"href":"https:\/\/przedszkole12nowasol.pl\/index.php?rest_route=\/wp\/v2\/pages\/176\/revisions\/3797"}],"wp:attachment":[{"href":"https:\/\/przedszkole12nowasol.pl\/index.php?rest_route=%2Fwp%2Fv2%2Fmedia&parent=176"}],"curies":[{"name":"wp","href":"https:\/\/api.w.org\/{rel}","templated":true}]}}