{"id":2486,"date":"2021-09-18T06:58:13","date_gmt":"2021-09-18T06:58:13","guid":{"rendered":"https:\/\/przedszkole12nowasol.pl\/?page_id=2486"},"modified":"2022-09-05T13:24:45","modified_gmt":"2022-09-05T13:24:45","slug":"logiczny-przedszkolak","status":"publish","type":"page","link":"https:\/\/przedszkole12nowasol.pl\/?page_id=2486","title":{"rendered":"Logiczny przedszkolak"},"content":{"rendered":"<p style=\"text-align: center;\"><strong><span style=\"font-size: 14pt; color: #008000;\"><img fetchpriority=\"high\" decoding=\"async\" class=\"alignnone size-full wp-image-2507\" src=\"https:\/\/przedszkole12nowasol.pl\/wp-content\/uploads\/2021\/09\/Zestawienie-znak\u00f3w-Logiczny-przedszkolak.jpg\" alt=\"\" width=\"1700\" height=\"730\" srcset=\"https:\/\/przedszkole12nowasol.pl\/wp-content\/uploads\/2021\/09\/Zestawienie-znak\u00f3w-Logiczny-przedszkolak.jpg 1700w, https:\/\/przedszkole12nowasol.pl\/wp-content\/uploads\/2021\/09\/Zestawienie-znak\u00f3w-Logiczny-przedszkolak-300x129.jpg 300w, https:\/\/przedszkole12nowasol.pl\/wp-content\/uploads\/2021\/09\/Zestawienie-znak\u00f3w-Logiczny-przedszkolak-768x330.jpg 768w, https:\/\/przedszkole12nowasol.pl\/wp-content\/uploads\/2021\/09\/Zestawienie-znak\u00f3w-Logiczny-przedszkolak-1024x440.jpg 1024w, https:\/\/przedszkole12nowasol.pl\/wp-content\/uploads\/2021\/09\/Zestawienie-znak\u00f3w-Logiczny-przedszkolak-699x300.jpg 699w\" sizes=\"(max-width: 1700px) 100vw, 1700px\" \/><\/span><\/strong><span style=\"font-size: 14pt; color: #000000;\"><strong>Projekt by\u0142 realizowany w roku szkolnym 2021\/2022<\/strong><\/span><\/p>\n<p style=\"text-align: center;\"><strong><span style=\"font-size: 14pt; color: #008000;\">\u201eLogiczny przedszkolak \u2013 dodatkowe zaj\u0119cia z ekonomii, matematyczno-przyrodnicze i j\u0119zyka angielskiego\u00a0 dla dzieci w wieku 5 i 6 lat z publicznych przedszkoli\u201d, w ramach Regionalnego Programu Operacyjnego &#8211; Lubuskie 2020, wsp\u00f3\u0142finansowanym<br \/>\nz Europejskiego Funduszu Spo\u0142ecznego realizowanego przez Gmin\u0119 Nowa S\u00f3l \u2013 Miasto.<\/span><\/strong><\/p>\n<p style=\"text-align: center;\"><span style=\"color: #000000; font-size: 14pt;\">Celem projektu jest kszta\u0142towanie i rozwijanie u dzieci kompetencji kluczowych i umiej\u0119tno\u015bci uniwersalnych dzi\u0119ki dodatkowym zaj\u0119ciom edukacyjnym: matematyczno \u2013 przyrodniczym i ABC ekonomii oraz podnoszenie kwalifikacji nauczycieli w zakresie kszta\u0142towania umiej\u0119tno\u015bci uniwersalnych i kompetencji kluczowych.<\/span><\/p>\n<ol>\n<li><span style=\"color: #000000; font-size: 14pt;\"><strong><a href=\"https:\/\/przedszkole12nowasol.pl\/wp-content\/uploads\/2021\/10\/Realizacja-zada\u0144-wrzesie\u0144-2021-1.pdf\">Realizacja zada\u0144 &#8211; wrzesie\u0144 2021<\/a><\/strong><a href=\"https:\/\/przedszkole12nowasol.pl\/wp-content\/uploads\/2021\/09\/Realizacja-zada\u0144-wrzesie\u0144-2021.pdf\"><br \/>\n<\/a>Zapraszamy do obejrzenia zdj\u0119\u0107 w galerii w linku poni\u017cej:<br \/>\n<strong><a href=\"https:\/\/photos.app.goo.gl\/LELVVwHqLUpY4wbL7\">https:\/\/photos.app.goo.gl\/LELVVwHqLUpY4wbL7<\/a><\/strong><br \/>\n<\/span><\/li>\n<li><span style=\"font-size: 14pt;\"><strong><a href=\"https:\/\/przedszkole12nowasol.pl\/wp-content\/uploads\/2021\/10\/Realizacja-zada\u0144-pa\u017adziernik-2021.pdf\">Realizacja zada\u0144 &#8211; pa\u017adziernik 2021<\/a><\/strong><\/span><br \/>\n<span style=\"font-size: 14pt; color: #000000;\">Zapraszamy do obejrzenia zdj\u0119\u0107 w galerii w linku poni\u017cej:<br \/>\n<strong><a href=\"https:\/\/photos.app.goo.gl\/DBZUHjTGCEmnyjc16\">https:\/\/photos.app.goo.gl\/DBZUHjTGCEmnyjc16<\/a><\/strong><\/span><\/li>\n<li><strong><span style=\"font-size: 14pt;\"><a href=\"https:\/\/przedszkole12nowasol.pl\/wp-content\/uploads\/2021\/12\/Realizacja-zada\u0144-listopad-2021.pdf\">Realizacja zada\u0144 &#8211; listopad 2021<\/a><br \/>\n<\/span><\/strong><span style=\"font-size: 14pt; color: #000000;\">Zapraszamy do obejrzenia zdj\u0119\u0107 w galerii w linku poni\u017cej:<\/span><strong><span style=\"font-size: 14pt;\"><br \/>\n<a href=\"https:\/\/photos.app.goo.gl\/tDSJuoWHtjxSaTLN6\">https:\/\/photos.app.goo.gl\/tDSJuoWHtjxSaTLN6<\/a><br \/>\n<\/span><\/strong><\/li>\n<li><strong><span style=\"font-size: 14pt;\"><a href=\"https:\/\/przedszkole12nowasol.pl\/wp-content\/uploads\/2021\/12\/Realizacja-zada\u0144-grudzie\u0144-2021.pdf\">Realizacja zada\u0144 &#8211; grudzie\u0144 2021<\/a><br \/>\n<\/span><\/strong><span style=\"font-size: 14pt; color: #000000;\">Zapraszamy do obejrzenia zdj\u0119\u0107 w galerii w linku poni\u017cej:<br \/>\n<strong><a href=\"https:\/\/photos.app.goo.gl\/7PVQgnEwJAy8MRQR7\">https:\/\/photos.app.goo.gl\/7PVQgnEwJAy8MRQR7<\/a><\/strong><\/span><\/li>\n<li><strong><span style=\"font-size: 14pt;\"><a href=\"https:\/\/przedszkole12nowasol.pl\/wp-content\/uploads\/2022\/01\/Realizacja-zada\u0144-stycze\u0144-2022.pdf\">Realizacja zada\u0144 &#8211; stycze\u0144 2022<\/a><br \/>\n<\/span><\/strong><span style=\"font-size: 14pt; color: #000000;\">Zapraszamy do obejrzenia zdj\u0119\u0107 w galerii w linku poni\u017cej:<br \/>\n<strong><a href=\"https:\/\/photos.app.goo.gl\/b7QsJSJqB9RTE4rM7\">https:\/\/photos.app.goo.gl\/b7QsJSJqB9RTE4rM7<\/a><\/strong><\/span><\/li>\n<li><strong><span style=\"font-size: 14pt;\"><a href=\"https:\/\/przedszkole12nowasol.pl\/wp-content\/uploads\/2022\/02\/Realizacja-zada\u0144-luty-2022.pdf\">Realizacja zada\u0144 &#8211; luty 2022<\/a><br \/>\n<\/span><\/strong><span style=\"font-size: 14pt;\"><span style=\"color: #000000;\">Zapraszamy do obejrzenia zdj\u0119\u0107 w galerii w linku poni\u017cej:<br \/>\n<strong><a href=\"https:\/\/photos.app.goo.gl\/E9cBBEaBHXDafAL1A\">https:\/\/photos.app.goo.gl\/E9cBBEaBHXDafAL1A<\/a><\/strong><br \/>\n<\/span><\/span><\/li>\n<li><strong><span style=\"font-size: 14pt;\"><a href=\"https:\/\/przedszkole12nowasol.pl\/wp-content\/uploads\/2022\/03\/Realizacja-zada\u0144-marzec-2022.pdf\">Realizacja zada\u0144 &#8211; marzec 2022<\/a><br \/>\n<\/span><\/strong><span style=\"font-size: 14pt; color: #000000;\">Zapraszamy do obejrzenia zdj\u0119\u0107 w galerii w linku poni\u017cej:\u00a0<\/span><strong><span style=\"font-size: 14pt;\"><br \/>\n<a href=\"https:\/\/photos.app.goo.gl\/sE4fKsBPsjvZGcyQ7\">https:\/\/photos.app.goo.gl\/sE4fKsBPsjvZGcyQ7<\/a><br \/>\n<\/span><\/strong><\/li>\n<li><span style=\"font-size: 14pt;\"><strong><a href=\"https:\/\/przedszkole12nowasol.pl\/wp-content\/uploads\/2022\/05\/Realizacja-zada\u0144-kwiecie\u0144-2022.pdf\">Realizacja zada\u0144 &#8211; kwiecie\u0144 2022<\/a><br \/>\n<\/strong><span style=\"color: #000000;\">Zapraszamy do obejrzenia zdj\u0119\u0107 w galerii w linku poni\u017cej:\u00a0<\/span><strong><br \/>\n<a href=\"https:\/\/photos.app.goo.gl\/39NKV3U7T18sbAPJ8\">https:\/\/photos.app.goo.gl\/39NKV3U7T18sbAPJ8<\/a><br \/>\n<\/strong><\/span><\/li>\n<li><strong><span style=\"font-size: 14pt;\"><a href=\"https:\/\/przedszkole12nowasol.pl\/wp-content\/uploads\/2022\/05\/Realizacja-zada\u0144-maj-2022.pdf\">Realizacja zada\u0144 &#8211; maj 2022<\/a><br \/>\n<\/span><\/strong><span style=\"font-size: 14pt; color: #000000;\">Zapraszamy do obejrzenia zdj\u0119\u0107 w galerii w linku poni\u017cej:\u00a0<\/span><strong><span style=\"font-size: 14pt;\"><br \/>\n<a href=\"https:\/\/photos.app.goo.gl\/4kQvVsEda6eYNBH97\">https:\/\/photos.app.goo.gl\/4kQvVsEda6eYNBH97<\/a><br \/>\n<\/span><\/strong><\/li>\n<li><span style=\"font-size: 14pt;\"><strong><a href=\"https:\/\/przedszkole12nowasol.pl\/wp-content\/uploads\/2022\/06\/Realizacja-zada\u0144-czerwiec-2022.pdf\">Realizacja zada\u0144 &#8211; czerwiec 2022<\/a><\/strong><\/span><br \/>\n<span style=\"font-size: 14pt; color: #000000;\">Zapraszamy do obejrzenia zdj\u0119\u0107 w galerii w linku poni\u017cej:\u00a0<\/span><br \/>\n<strong><span style=\"font-size: 14pt;\"><a href=\"https:\/\/photos.app.goo.gl\/SaJg2c5zWVsJEXmB7\">https:\/\/photos.app.goo.gl\/SaJg2c5zWVsJEXmB7<\/a><\/span><\/strong><\/li>\n<\/ol>\n","protected":false},"excerpt":{"rendered":"<p>Projekt by\u0142 realizowany w roku szkolnym 2021\/2022 \u201eLogiczny przedszkolak \u2013 dodatkowe zaj\u0119cia z ekonomii, matematyczno-przyrodnicze i j\u0119zyka angielskiego\u00a0 dla dzieci w wieku 5 i 6 lat z publicznych przedszkoli\u201d, w ramach Regionalnego Programu Operacyjnego &#8211; Lubuskie 2020, wsp\u00f3\u0142finansowanym z Europejskiego Funduszu Spo\u0142ecznego realizowanego przez Gmin\u0119 Nowa S\u00f3l \u2013 Miasto. Celem &hellip;<\/p>\n","protected":false},"author":1,"featured_media":0,"parent":0,"menu_order":0,"comment_status":"closed","ping_status":"closed","template":"","meta":{"footnotes":""},"class_list":["post-2486","page","type-page","status-publish","hentry"],"_links":{"self":[{"href":"https:\/\/przedszkole12nowasol.pl\/index.php?rest_route=\/wp\/v2\/pages\/2486","targetHints":{"allow":["GET"]}}],"collection":[{"href":"https:\/\/przedszkole12nowasol.pl\/index.php?rest_route=\/wp\/v2\/pages"}],"about":[{"href":"https:\/\/przedszkole12nowasol.pl\/index.php?rest_route=\/wp\/v2\/types\/page"}],"author":[{"embeddable":true,"href":"https:\/\/przedszkole12nowasol.pl\/index.php?rest_route=\/wp\/v2\/users\/1"}],"replies":[{"embeddable":true,"href":"https:\/\/przedszkole12nowasol.pl\/index.php?rest_route=%2Fwp%2Fv2%2Fcomments&post=2486"}],"version-history":[{"count":25,"href":"https:\/\/przedszkole12nowasol.pl\/index.php?rest_route=\/wp\/v2\/pages\/2486\/revisions"}],"predecessor-version":[{"id":2942,"href":"https:\/\/przedszkole12nowasol.pl\/index.php?rest_route=\/wp\/v2\/pages\/2486\/revisions\/2942"}],"wp:attachment":[{"href":"https:\/\/przedszkole12nowasol.pl\/index.php?rest_route=%2Fwp%2Fv2%2Fmedia&parent=2486"}],"curies":[{"name":"wp","href":"https:\/\/api.w.org\/{rel}","templated":true}]}}